{"id":9131,"date":"2026-01-19T18:32:55","date_gmt":"2026-01-19T17:32:55","guid":{"rendered":"https:\/\/walk4future.com\/?post_type=tribe_events&#038;p=9131"},"modified":"2026-04-20T19:50:28","modified_gmt":"2026-04-20T17:50:28","slug":"spaziergang-und-gesprach-im-munchner-stil","status":"publish","type":"tribe_events","link":"https:\/\/walk4future.com\/de\/event\/munich-style-walk-and-talk\/","title":{"rendered":"Munich Style Walk &amp; Talk"},"content":{"rendered":"<p><strong>Entdecke die geheimen fairen Modespots der Stadt, gefolgt von einem Style Talk im akjumii Store &amp; Studio!<\/strong><\/p>\n<p>Schlie\u00dfe dich Community Leader und Slow Fashion Designerin, <strong>Anna Karsch<\/strong>, Expertin f\u00fcr nachhaltigen Stil, <strong>Julia van Almsick<\/strong>, und walk4future\u00ae-Gr\u00fcnderin, <strong>Martina Gleissenebner-Teskey<\/strong>, auf einem Style Walk and Talk in M\u00fcnchen!<\/p>\n<h5><strong>Programm:<\/strong><\/h5>\n<ol>\n<li><strong>15.00 - 18.00 Uhr Fair Fashion Walk<\/strong> Komm mit uns auf einen Walk (ja, es ist eben kein normaler Spaziergang!), bei dem du ganz unterschiedliche Fashion-Boutiquen und Brands entdeckst, die sich alle einer Sache verschrieben haben: nachhaltig und fair zu arbeiten. Zwischen den Stores haben wir uns eine ganz eigene Route zusammengestellt, damit du auch die Stadt neu entdecken und den Weg genie\u00dfen kannst. Triff spannende Menschen - die MacherInnen hinter den Brands und nat\u00fcrlich deine Mit-WalkerInnen! Bring gern eine Tasche mit! Du k\u00f6nntest ja etwas Sch\u00f6nes finden :-D . Die Tour startet und endet beim akjumii Store &amp; Studio<\/li>\n<li><strong>18:00 \u2013 19:00 Uhr Style Talk:<\/strong> Du willst deinen eigenen, einzigartigen Style kreieren? Julia zeigt dir, wie du Materialien, Stoffe und Texturen gekonnt als Stilmittel kombinierst und in deine Outfits einflie\u00dfen l\u00e4sst.<\/li>\n<li><strong>19:00 \u2013 19:30 Uhr Quatschen &amp; Chillen<\/strong><\/li>\n<\/ol>\n<h5><\/h5>\n<h5><strong>Wer sind Anna, Julia und Martina?<\/strong><\/h5>\n<p><em><strong>Anna Karsch<\/strong><\/em> ist eine diplomierte Modedesignerin aus M\u00fcnchen und die Gr\u00fcnderin und kreative Kraft hinter dem Slow-Fashion-Label akjumii. Seit 2012 entwickelt sie nachhaltige Designkonzepte mit hohen \u00e4sthetischen und ethischen Standards. Ihre Arbeit zeichnet sich durch eine klare, zeitlose Designsprache und ein tiefes Verst\u00e4ndnis f\u00fcr faire Produktionsprozesse aus. Anna Karsch verbindet Design, Nachhaltigkeit und Verantwortung mit dem Ziel, langlebige Kleidung zu schaffen, die bewusst konsumiert wird. Im Mittelpunkt ihrer Arbeit steht eine ressourcenschonende Designphilosophie, die traditionelle Konsummuster hinterfragt und Alternativen zum Fast-Fashion-Modell aufzeigt. Dieser Ansatz spiegelt sich auch im akjumii Store &amp; Studio wider, das sie kuratiert.<\/p>\n<p>Finde sie auf <a href=\"http:\/\/www.akjumii.com\">www.akjumii.com<\/a> und auf Instagram: <a href=\"https:\/\/www.instagram.com\/akjumii\/\">@akjumii<\/a><\/p>\n<p><em><strong>Julia van Almsick, <\/strong><\/em>bekannt als <em>\u201cDer M\u00fcnchner Stylist\u201d<\/em>, ist eine pers\u00f6nliche Stylistin, die modernes Stil-Coaching f\u00fcr Kunden mit h\u00f6chsten Anspr\u00fcchen an \u00c4sthetik, Wohlbefinden, Wirkung und Nachhaltigkeit anbietet. Sie beginnt mit dem, was sie <em>\u201cEinkaufen im <\/em> <em>Kleiderschrank ihrer Kunden\" nennt.<\/em>, Sie verwandelt bestehende Garderoben in einzigartige, harmonische Kollektionen, die individuell auf die Pers\u00f6nlichkeit und das Leben jeder Kundin zugeschnitten sind.  Sie beschreibt ihre Arbeit wie folgt: <em>\u201cJeder kann einen guten Stil entwickeln - auch aus dem, was bereits im eigenen Kleiderschrank vorhanden ist. Meine Aufgabe ist es, Pers\u00f6nlichkeit, Kleiderschrankinhalt und individuelle K\u00f6rperformen zu einem harmonischen Ganzen zusammenzuf\u00fcgen - mit handwerklichem Geschick, <\/em><em>\u00a0<\/em><em>Einf\u00fchlungsverm\u00f6gen und Kreativit\u00e4t\u201d.\u201d <\/em>Neben ihrer Arbeit als Personal Stylist setzt sie sich f\u00fcr die Aufkl\u00e4rung \u00fcber die Textilindustrie ein, indem sie Workshops veranstaltet und Vortr\u00e4ge dar\u00fcber h\u00e4lt, wie nachhaltiger Kleidungskonsum einfach und effektiv umgesetzt werden kann.<\/p>\n<p>Finde sie auf <a href=\"http:\/\/www.sustainablestyling.de\">www.sustainablestyling.de<\/a> \/ <a href=\"http:\/\/www.themunichstylist.com\">www.themunichstylist.com<\/a> und Insta: <a href=\"https:\/\/www.instagram.com\/themunichstylist\/\">@themunichstylist<\/a><\/p>\n<p><em><strong>Martina Gleissenebner-Teskey<\/strong><\/em> , vielen bekannt als die erste Finalistin \u00fcber 50 bei Germany's Next Topmodel von Heidi Klum, ist Trainerin und Coach mit 30 Jahren Erfahrung, Autorin von \u201c<a href=\"https:\/\/martina-gleissenebner-teskey.com\/author\/\">Charisma: Das 9-Wochen-Programm<\/a>\u201dund Model, aber vor allem die Gr\u00fcnderin von walk4future\u00ae - REthink Fashion. Dieses Projekt ist tief in Martinas Arbeit als Coach und ihrem Studium der \u00d6kologie, Psychologie und Kommunikationswissenschaften verwurzelt und stellt den Menschen in den Mittelpunkt. <em>\u201cVer\u00e4nderung kann nie f\u00fcr dich getan werden <strong>f\u00fcr<\/strong> DU musst dich \u00e4ndern, also DIE VER\u00c4NDERUNG SEIN, sonst wird sich nichts \u00e4ndern.\u201d<\/em> Deshalb ist das wichtigste Instrument von walk4future\u00ae die <strong><a href=\"https:\/\/walk4future.com\/de\/spaziergang-andern-herausforderung\/\">walk&amp;change Challenge<\/a><\/strong> die den Teilnehmenden hilft, auf einfache und unterhaltsame Weise neue, bessere Gewohnheiten zu entwickeln. Die WALK'N SHOP TOURS\u00ae sind eine weitere M\u00f6glichkeit, Menschen zusammenzubringen und das Entdecken besserer Einkaufsgewohnheiten zu einem ebenso unterhaltsamen Erlebnis zu machen.<\/p>\n<p>Finde sie auf: <a href=\"https:\/\/martina-gleissenebner-teskey.com\">https:\/\/martina-gleissenebner-teskey.com<\/a> und Insta: <a href=\"https:\/\/www.instagram.com\/martina.gt.official\/\">@martina.gt.official<\/a><\/p>\n<h5><strong>Kosten: <\/strong><\/h5>\n<ul>\n<li>Regul\u00e4r: \u20ac25,-<\/li>\n<li>f\u00fcr Teilnehmer an der walk&amp;change Challenge: \u20ac20,-<\/li>\n<\/ul>\n<p><strong>F\u00fcr walk&amp;change TeilnehmerInnen:<\/strong> du bekommst deinen Rabatt-Code direkt in deine Mailbox! Versichere dich, dass du walk4future zu deinen Kontakten hinzugef\u00fcgt hast oder schau in deinem Spam-Folder nach, falls du keine Mails von uns erh\u00e4ltst!<\/p>","protected":false},"excerpt":{"rendered":"<p>Entdecke die geheimen Fair-Fashion-Spots der Stadt, gefolgt von einem Style-Talk im akjumii Store &amp; Studio! Begleite die Community-Leiterin und Slow-Fashion-Designerin Anna Karsch, die Expertin f\u00fcr nachhaltigen Stil,...<\/p>","protected":false},"author":1,"featured_media":9715,"template":"","meta":{"_view_id":"","_price":"","_stock":"","_tribe_ticket_header":"","_tribe_default_ticket_provider":"TEC\\Tickets\\Commerce\\Module","_tribe_ticket_capacity":"0","_ticket_start_date":"","_ticket_end_date":"","_tribe_ticket_show_description":"","_tribe_ticket_show_not_going":false,"_tribe_ticket_use_global_stock":"","_tribe_ticket_global_stock_level":"0","_global_stock_mode":"","_global_stock_cap":"","_tribe_rsvp_for_event":"","_tribe_ticket_going_count":"","_tribe_ticket_not_going_count":"","_tribe_tickets_list":"[{\"id\":9716,\"type\":\"default\",\"title\":\"General Admission\",\"description\":\"\",\"capacityType\":\"own\",\"price\":\"25\",\"capacity\":15,\"available\":5,\"sharedCapacity\":15,\"sold\":10,\"shareSold\":10,\"isShared\":false,\"currencyDecimalPoint\":\".\",\"currencyNumberOfDecimals\":2,\"currencyPosition\":\"postfix\",\"currencySymbol\":\"\\u20ac\",\"currencyThousandsSep\":\",\"}]","_tribe_ticket_has_attendee_info_fields":false,"_tribe_events_status":"","_tribe_events_status_reason":"","footnotes":"","_tec_slr_enabled":"","_tec_slr_layout":""},"tags":[143,203,191],"tribe_events_cat":[141,163],"class_list":["post-9131","tribe_events","type-tribe_events","status-publish","has-post-thumbnail","tag-style-walk","tag-walk-in-style-week","tag-walkn-shop-tours","tribe_events_cat-walkn-shop-tours","tribe_events_cat-workshop","cat_walkn-shop-tours","cat_workshop"],"yoast_head":"<!-- This site is optimized with the Yoast SEO plugin v27.3 - https:\/\/yoast.com\/product\/yoast-seo-wordpress\/ -->\n<title>Munich Style Walk &amp; Talk - walk4future\u00ae - REthink Fashion!<\/title>\n<meta name=\"description\" content=\"Join slow fashion designer, Anna Karsch, Sustainable Style Expert, Julia van Almsick, and walk4future-Founder, Martina Gleissenebner-Teskey,\" \/>\n<meta name=\"robots\" content=\"index, follow, max-snippet:-1, max-image-preview:large, max-video-preview:-1\" \/>\n<link rel=\"canonical\" href=\"https:\/\/walk4future.com\/de\/veranstaltung\/spaziergang-und-gesprach-im-munchner-stil\/\" \/>\n<meta property=\"og:locale\" content=\"de_DE\" \/>\n<meta property=\"og:type\" content=\"article\" \/>\n<meta property=\"og:title\" content=\"Munich Style Walk &amp; Talk - walk4future\u00ae - REthink Fashion!\" \/>\n<meta property=\"og:description\" content=\"Join slow fashion designer, Anna Karsch, Sustainable Style Expert, Julia van Almsick, and walk4future-Founder, Martina Gleissenebner-Teskey,\" \/>\n<meta property=\"og:url\" content=\"https:\/\/walk4future.com\/de\/veranstaltung\/spaziergang-und-gesprach-im-munchner-stil\/\" \/>\n<meta property=\"og:site_name\" content=\"walk4future\u00ae - REthink Fashion!\" \/>\n<meta property=\"article:modified_time\" content=\"2026-04-20T17:50:28+00:00\" \/>\n<meta property=\"og:image\" content=\"https:\/\/walk4future.com\/wp-content\/uploads\/2026\/01\/Munich-Style-walk-and-talk_Final-1024x576.png\" \/>\n\t<meta property=\"og:image:width\" content=\"1024\" \/>\n\t<meta property=\"og:image:height\" content=\"576\" \/>\n\t<meta property=\"og:image:type\" content=\"image\/png\" \/>\n<meta name=\"twitter:card\" content=\"summary_large_image\" \/>\n<meta name=\"twitter:label1\" content=\"Gesch\u00e4tzte Lesezeit\" \/>\n\t<meta name=\"twitter:data1\" content=\"3\u00a0Minuten\" \/>\n<script type=\"application\/ld+json\" class=\"yoast-schema-graph\">{\"@context\":\"https:\\\/\\\/schema.org\",\"@graph\":[{\"@type\":\"WebPage\",\"@id\":\"https:\\\/\\\/walk4future.com\\\/event\\\/munich-style-walk-and-talk\\\/\",\"url\":\"https:\\\/\\\/walk4future.com\\\/event\\\/munich-style-walk-and-talk\\\/\",\"name\":\"Munich Style Walk & Talk - walk4future\u00ae - REthink Fashion!\",\"isPartOf\":{\"@id\":\"https:\\\/\\\/walk4future.com\\\/#website\"},\"primaryImageOfPage\":{\"@id\":\"https:\\\/\\\/walk4future.com\\\/event\\\/munich-style-walk-and-talk\\\/#primaryimage\"},\"image\":{\"@id\":\"https:\\\/\\\/walk4future.com\\\/event\\\/munich-style-walk-and-talk\\\/#primaryimage\"},\"thumbnailUrl\":\"https:\\\/\\\/walk4future.com\\\/wp-content\\\/uploads\\\/2026\\\/01\\\/Munich-Style-walk-and-talk_Final.png\",\"datePublished\":\"2026-01-19T17:32:55+00:00\",\"dateModified\":\"2026-04-20T17:50:28+00:00\",\"description\":\"Join slow fashion designer, Anna Karsch, Sustainable Style Expert, Julia van Almsick, and walk4future-Founder, Martina Gleissenebner-Teskey,\",\"breadcrumb\":{\"@id\":\"https:\\\/\\\/walk4future.com\\\/event\\\/munich-style-walk-and-talk\\\/#breadcrumb\"},\"inLanguage\":\"de\",\"potentialAction\":[{\"@type\":\"ReadAction\",\"target\":[\"https:\\\/\\\/walk4future.com\\\/event\\\/munich-style-walk-and-talk\\\/\"]}]},{\"@type\":\"ImageObject\",\"inLanguage\":\"de\",\"@id\":\"https:\\\/\\\/walk4future.com\\\/event\\\/munich-style-walk-and-talk\\\/#primaryimage\",\"url\":\"https:\\\/\\\/walk4future.com\\\/wp-content\\\/uploads\\\/2026\\\/01\\\/Munich-Style-walk-and-talk_Final.png\",\"contentUrl\":\"https:\\\/\\\/walk4future.com\\\/wp-content\\\/uploads\\\/2026\\\/01\\\/Munich-Style-walk-and-talk_Final.png\",\"width\":1920,\"height\":1080},{\"@type\":\"BreadcrumbList\",\"@id\":\"https:\\\/\\\/walk4future.com\\\/event\\\/munich-style-walk-and-talk\\\/#breadcrumb\",\"itemListElement\":[{\"@type\":\"ListItem\",\"position\":1,\"name\":\"Home\",\"item\":\"https:\\\/\\\/walk4future.com\\\/\"},{\"@type\":\"ListItem\",\"position\":2,\"name\":\"Events\",\"item\":\"https:\\\/\\\/walk4future.com\\\/events\\\/\"},{\"@type\":\"ListItem\",\"position\":3,\"name\":\"Munich Style Walk &#038; Talk\"}]},{\"@type\":\"WebSite\",\"@id\":\"https:\\\/\\\/walk4future.com\\\/#website\",\"url\":\"https:\\\/\\\/walk4future.com\\\/\",\"name\":\"Walk4Future\",\"description\":\"The Future Fashion Movement\",\"publisher\":{\"@id\":\"https:\\\/\\\/walk4future.com\\\/#organization\"},\"potentialAction\":[{\"@type\":\"SearchAction\",\"target\":{\"@type\":\"EntryPoint\",\"urlTemplate\":\"https:\\\/\\\/walk4future.com\\\/?s={search_term_string}\"},\"query-input\":{\"@type\":\"PropertyValueSpecification\",\"valueRequired\":true,\"valueName\":\"search_term_string\"}}],\"inLanguage\":\"de\"},{\"@type\":\"Organization\",\"@id\":\"https:\\\/\\\/walk4future.com\\\/#organization\",\"name\":\"Walk4Future\",\"url\":\"https:\\\/\\\/walk4future.com\\\/\",\"logo\":{\"@type\":\"ImageObject\",\"inLanguage\":\"de\",\"@id\":\"https:\\\/\\\/walk4future.com\\\/#\\\/schema\\\/logo\\\/image\\\/\",\"url\":\"https:\\\/\\\/walk4future.com\\\/wp-content\\\/uploads\\\/2025\\\/01\\\/WALK4FUTURe_cut.png\",\"contentUrl\":\"https:\\\/\\\/walk4future.com\\\/wp-content\\\/uploads\\\/2025\\\/01\\\/WALK4FUTURe_cut.png\",\"width\":292,\"height\":292,\"caption\":\"Walk4Future\"},\"image\":{\"@id\":\"https:\\\/\\\/walk4future.com\\\/#\\\/schema\\\/logo\\\/image\\\/\"},\"sameAs\":[\"https:\\\/\\\/www.instagram.com\\\/walk.4future\\\/\"]}]}<\/script>\n<!-- \/ Yoast SEO plugin. -->","yoast_head_json":{"title":"Munich Style Walk &amp; Talk - walk4future\u00ae - REthink Fashion!","description":"Begleite die Slow Fashion Designerin Anna Karsch, die Expertin f\u00fcr nachhaltigen Stil Julia van Almsick und walk4future-Gr\u00fcnderin Martina Gleissenebner-Teskey,","robots":{"index":"index","follow":"follow","max-snippet":"max-snippet:-1","max-image-preview":"max-image-preview:large","max-video-preview":"max-video-preview:-1"},"canonical":"https:\/\/walk4future.com\/de\/veranstaltung\/spaziergang-und-gesprach-im-munchner-stil\/","og_locale":"de_DE","og_type":"article","og_title":"Munich Style Walk & Talk - walk4future\u00ae - REthink Fashion!","og_description":"Join slow fashion designer, Anna Karsch, Sustainable Style Expert, Julia van Almsick, and walk4future-Founder, Martina Gleissenebner-Teskey,","og_url":"https:\/\/walk4future.com\/de\/veranstaltung\/spaziergang-und-gesprach-im-munchner-stil\/","og_site_name":"walk4future\u00ae - REthink Fashion!","article_modified_time":"2026-04-20T17:50:28+00:00","og_image":[{"width":1024,"height":576,"url":"https:\/\/walk4future.com\/wp-content\/uploads\/2026\/01\/Munich-Style-walk-and-talk_Final-1024x576.png","type":"image\/png"}],"twitter_card":"summary_large_image","twitter_misc":{"Gesch\u00e4tzte Lesezeit":"3\u00a0Minuten"},"schema":{"@context":"https:\/\/schema.org","@graph":[{"@type":"WebPage","@id":"https:\/\/walk4future.com\/event\/munich-style-walk-and-talk\/","url":"https:\/\/walk4future.com\/event\/munich-style-walk-and-talk\/","name":"Munich Style Walk &amp; Talk - walk4future\u00ae - REthink Fashion!","isPartOf":{"@id":"https:\/\/walk4future.com\/#website"},"primaryImageOfPage":{"@id":"https:\/\/walk4future.com\/event\/munich-style-walk-and-talk\/#primaryimage"},"image":{"@id":"https:\/\/walk4future.com\/event\/munich-style-walk-and-talk\/#primaryimage"},"thumbnailUrl":"https:\/\/walk4future.com\/wp-content\/uploads\/2026\/01\/Munich-Style-walk-and-talk_Final.png","datePublished":"2026-01-19T17:32:55+00:00","dateModified":"2026-04-20T17:50:28+00:00","description":"Begleite die Slow Fashion Designerin Anna Karsch, die Expertin f\u00fcr nachhaltigen Stil Julia van Almsick und walk4future-Gr\u00fcnderin Martina Gleissenebner-Teskey,","breadcrumb":{"@id":"https:\/\/walk4future.com\/event\/munich-style-walk-and-talk\/#breadcrumb"},"inLanguage":"de","potentialAction":[{"@type":"ReadAction","target":["https:\/\/walk4future.com\/event\/munich-style-walk-and-talk\/"]}]},{"@type":"ImageObject","inLanguage":"de","@id":"https:\/\/walk4future.com\/event\/munich-style-walk-and-talk\/#primaryimage","url":"https:\/\/walk4future.com\/wp-content\/uploads\/2026\/01\/Munich-Style-walk-and-talk_Final.png","contentUrl":"https:\/\/walk4future.com\/wp-content\/uploads\/2026\/01\/Munich-Style-walk-and-talk_Final.png","width":1920,"height":1080},{"@type":"BreadcrumbList","@id":"https:\/\/walk4future.com\/event\/munich-style-walk-and-talk\/#breadcrumb","itemListElement":[{"@type":"ListItem","position":1,"name":"Home","item":"https:\/\/walk4future.com\/"},{"@type":"ListItem","position":2,"name":"Events","item":"https:\/\/walk4future.com\/events\/"},{"@type":"ListItem","position":3,"name":"Munich Style Walk &#038; Talk"}]},{"@type":"WebSite","@id":"https:\/\/walk4future.com\/#website","url":"https:\/\/walk4future.com\/","name":"Walk4Future","description":"Die Future Fashion-Bewegung","publisher":{"@id":"https:\/\/walk4future.com\/#organization"},"potentialAction":[{"@type":"SearchAction","target":{"@type":"EntryPoint","urlTemplate":"https:\/\/walk4future.com\/?s={search_term_string}"},"query-input":{"@type":"PropertyValueSpecification","valueRequired":true,"valueName":"search_term_string"}}],"inLanguage":"de"},{"@type":"Organization","@id":"https:\/\/walk4future.com\/#organization","name":"Walk4Future","url":"https:\/\/walk4future.com\/","logo":{"@type":"ImageObject","inLanguage":"de","@id":"https:\/\/walk4future.com\/#\/schema\/logo\/image\/","url":"https:\/\/walk4future.com\/wp-content\/uploads\/2025\/01\/WALK4FUTURe_cut.png","contentUrl":"https:\/\/walk4future.com\/wp-content\/uploads\/2025\/01\/WALK4FUTURe_cut.png","width":292,"height":292,"caption":"Walk4Future"},"image":{"@id":"https:\/\/walk4future.com\/#\/schema\/logo\/image\/"},"sameAs":["https:\/\/www.instagram.com\/walk.4future\/"]}]}},"ticketed":["tc"],"_links":{"self":[{"href":"https:\/\/walk4future.com\/de\/wp-json\/wp\/v2\/tribe_events\/9131","targetHints":{"allow":["GET"]}}],"collection":[{"href":"https:\/\/walk4future.com\/de\/wp-json\/wp\/v2\/tribe_events"}],"about":[{"href":"https:\/\/walk4future.com\/de\/wp-json\/wp\/v2\/types\/tribe_events"}],"author":[{"embeddable":true,"href":"https:\/\/walk4future.com\/de\/wp-json\/wp\/v2\/users\/1"}],"version-history":[{"count":28,"href":"https:\/\/walk4future.com\/de\/wp-json\/wp\/v2\/tribe_events\/9131\/revisions"}],"predecessor-version":[{"id":9911,"href":"https:\/\/walk4future.com\/de\/wp-json\/wp\/v2\/tribe_events\/9131\/revisions\/9911"}],"wp:featuredmedia":[{"embeddable":true,"href":"https:\/\/walk4future.com\/de\/wp-json\/wp\/v2\/media\/9715"}],"wp:attachment":[{"href":"https:\/\/walk4future.com\/de\/wp-json\/wp\/v2\/media?parent=9131"}],"wp:term":[{"taxonomy":"post_tag","embeddable":true,"href":"https:\/\/walk4future.com\/de\/wp-json\/wp\/v2\/tags?post=9131"},{"taxonomy":"tribe_events_cat","embeddable":true,"href":"https:\/\/walk4future.com\/de\/wp-json\/wp\/v2\/tribe_events_cat?post=9131"}],"curies":[{"name":"wp","href":"https:\/\/api.w.org\/{rel}","templated":true}]}}